{"id":879,"date":"2024-02-05T10:25:11","date_gmt":"2024-02-05T09:25:11","guid":{"rendered":"https:\/\/sunlifehomes-mallorca.com\/lifestyle\/"},"modified":"2024-02-14T19:43:16","modified_gmt":"2024-02-14T18:43:16","slug":"lifestyle","status":"publish","type":"page","link":"https:\/\/sunlifehomes-mallorca.com\/es\/lifestyle\/","title":{"rendered":"Lifestyle"},"content":{"rendered":"\n<div class=\"wp-block-group alignwide has-global-padding is-layout-constrained wp-block-group-is-layout-constrained\">\n<h1 class=\"wp-block-heading alignwide has-xx-large-font-size\" style=\"line-height:1.2\">Lifestyle<\/h1>\n\n\n\n<h6 class=\"wp-block-heading alignwide\">#Lujosamente inolvidable<\/h6>\n<\/div>\n\n\n\n<div class=\"wp-block-group alignfull has-global-padding is-layout-constrained wp-container-core-group-is-layout-2863a3f5 wp-block-group-is-layout-constrained\" style=\"margin-top:0;margin-bottom:0;padding-top:var(--wp--preset--spacing--20);padding-right:var(--wp--preset--spacing--50);padding-bottom:var(--wp--preset--spacing--20);padding-left:var(--wp--preset--spacing--50)\">\n<div class=\"wp-block-columns alignwide is-layout-flex wp-container-core-columns-is-layout-1044dcb4 wp-block-columns-is-layout-flex\" style=\"margin-top:0;margin-bottom:0\">\n<div class=\"wp-block-column is-layout-flow wp-container-core-column-is-layout-eb3492d6 wp-block-column-is-layout-flow\" style=\"padding-top:0px;padding-bottom:0px\">\n<figure class=\"wp-block-image aligncenter size-large is-style-rounded is-style-rounded--1\"><a href=\"#golf\"><img decoding=\"async\" src=\"https:\/\/sunlifehomes-mallorca.com\/wp-content\/uploads\/2024\/02\/pexels-kindel-media-6573872-1024x768.jpg\" alt=\"\" class=\"wp-image-524\"\/><\/a><figcaption class=\"wp-element-caption\">Mallorca, para\u00edso del golf<\/figcaption><\/figure>\n\n\n\n<div style=\"height:50px\" aria-hidden=\"true\" class=\"wp-block-spacer\"><\/div>\n\n\n\n<figure class=\"wp-block-image aligncenter size-large is-style-rounded is-style-rounded--2\"><a href=\"#buchten\"><img decoding=\"async\" src=\"https:\/\/sunlifehomes-mallorca.com\/wp-content\/uploads\/2024\/02\/Strand-Camp-de-Mar-1024x1024.jpg\" alt=\"\" class=\"wp-image-528\"\/><\/a><figcaption class=\"wp-element-caption\">Fant\u00e1sticas playas y calas<\/figcaption><\/figure>\n\n\n\n<div style=\"height:50px\" aria-hidden=\"true\" class=\"wp-block-spacer\"><\/div>\n\n\n\n<figure class=\"wp-block-image aligncenter size-large is-style-rounded is-style-rounded--3\"><a href=\"#gastronomie\"><img decoding=\"async\" src=\"https:\/\/sunlifehomes-mallorca.com\/wp-content\/uploads\/2024\/02\/pexels-alex-staudinger-1731826-1024x1024.jpg\" alt=\"\" class=\"wp-image-533\"\/><\/a><figcaption class=\"wp-element-caption\">Descubrimientos culinarios en mallorca<\/figcaption><\/figure>\n<\/div>\n\n\n\n<div class=\"wp-block-column is-layout-flow wp-container-core-column-is-layout-eb3492d6 wp-block-column-is-layout-flow\" style=\"padding-top:0px;padding-bottom:0px\">\n<div style=\"height:50px\" aria-hidden=\"true\" class=\"wp-block-spacer\"><\/div>\n\n\n\n<figure class=\"wp-block-image aligncenter size-large is-style-rounded is-style-rounded--4\"><a href=\"#inselleben\"><img loading=\"lazy\" decoding=\"async\" width=\"1400\" height=\"862\" src=\"https:\/\/sunlifehomes-mallorca.com\/wp-content\/uploads\/2024\/02\/pexels-pixabay-237272-1400x862.jpg\" alt=\"\" class=\"wp-image-536\" style=\"aspect-ratio:4\/3;object-fit:cover\" srcset=\"https:\/\/sunlifehomes-mallorca.com\/wp-content\/uploads\/2024\/02\/pexels-pixabay-237272-1400x862.jpg 1400w, https:\/\/sunlifehomes-mallorca.com\/wp-content\/uploads\/2024\/02\/pexels-pixabay-237272-400x246.jpg 400w, https:\/\/sunlifehomes-mallorca.com\/wp-content\/uploads\/2024\/02\/pexels-pixabay-237272-768x473.jpg 768w, https:\/\/sunlifehomes-mallorca.com\/wp-content\/uploads\/2024\/02\/pexels-pixabay-237272-1536x946.jpg 1536w, https:\/\/sunlifehomes-mallorca.com\/wp-content\/uploads\/2024\/02\/pexels-pixabay-237272-2048x1262.jpg 2048w\" sizes=\"auto, (max-width: 1400px) 100vw, 1400px\" \/><\/a><figcaption class=\"wp-element-caption\">Vida de lujo en la isla<\/figcaption><\/figure>\n\n\n\n<div style=\"height:50px\" aria-hidden=\"true\" class=\"wp-block-spacer\"><\/div>\n\n\n\n<figure class=\"wp-block-image aligncenter size-large is-style-rounded is-style-rounded--5\"><a href=\"#tradition\"><img loading=\"lazy\" decoding=\"async\" width=\"933\" height=\"1400\" src=\"https:\/\/sunlifehomes-mallorca.com\/wp-content\/uploads\/2024\/02\/calvin-craig-xMXC2ZEsf6Q-unsplash-933x1400.jpg\" alt=\"\" class=\"wp-image-538\" srcset=\"https:\/\/sunlifehomes-mallorca.com\/wp-content\/uploads\/2024\/02\/calvin-craig-xMXC2ZEsf6Q-unsplash-933x1400.jpg 933w, https:\/\/sunlifehomes-mallorca.com\/wp-content\/uploads\/2024\/02\/calvin-craig-xMXC2ZEsf6Q-unsplash-267x400.jpg 267w, https:\/\/sunlifehomes-mallorca.com\/wp-content\/uploads\/2024\/02\/calvin-craig-xMXC2ZEsf6Q-unsplash-768x1152.jpg 768w, https:\/\/sunlifehomes-mallorca.com\/wp-content\/uploads\/2024\/02\/calvin-craig-xMXC2ZEsf6Q-unsplash-1024x1536.jpg 1024w, https:\/\/sunlifehomes-mallorca.com\/wp-content\/uploads\/2024\/02\/calvin-craig-xMXC2ZEsf6Q-unsplash.jpg 1333w\" sizes=\"auto, (max-width: 933px) 100vw, 933px\" \/><\/a><figcaption class=\"wp-element-caption\">Mercados, tradiciones y fiestas<\/figcaption><\/figure>\n\n\n\n<div style=\"height:50px\" aria-hidden=\"true\" class=\"wp-block-spacer\"><\/div>\n<\/div>\n\n\n\n<div class=\"wp-block-column is-layout-flow wp-container-core-column-is-layout-eb3492d6 wp-block-column-is-layout-flow\" style=\"padding-top:0px;padding-bottom:0px\">\n<figure class=\"wp-block-image aligncenter size-large is-style-rounded is-style-rounded--6\"><a href=\"#gebirge\"><img loading=\"lazy\" decoding=\"async\" width=\"1400\" height=\"990\" src=\"https:\/\/sunlifehomes-mallorca.com\/wp-content\/uploads\/2024\/02\/Tramuntanagebirge-1400x990.jpg\" alt=\"\" class=\"wp-image-540\" style=\"aspect-ratio:1;object-fit:cover\" srcset=\"https:\/\/sunlifehomes-mallorca.com\/wp-content\/uploads\/2024\/02\/Tramuntanagebirge-1400x990.jpg 1400w, https:\/\/sunlifehomes-mallorca.com\/wp-content\/uploads\/2024\/02\/Tramuntanagebirge-400x283.jpg 400w, https:\/\/sunlifehomes-mallorca.com\/wp-content\/uploads\/2024\/02\/Tramuntanagebirge-768x543.jpg 768w, https:\/\/sunlifehomes-mallorca.com\/wp-content\/uploads\/2024\/02\/Tramuntanagebirge-1536x1086.jpg 1536w, https:\/\/sunlifehomes-mallorca.com\/wp-content\/uploads\/2024\/02\/Tramuntanagebirge.jpg 2000w\" sizes=\"auto, (max-width: 1400px) 100vw, 1400px\" \/><\/a><figcaption class=\"wp-element-caption\">Sierra de tramuntana<\/figcaption><\/figure>\n\n\n\n<div style=\"height:50px\" aria-hidden=\"true\" class=\"wp-block-spacer\"><\/div>\n\n\n\n<figure class=\"wp-block-image aligncenter size-large is-style-rounded is-style-rounded--7\"><a href=\"#wanderungen\"><img loading=\"lazy\" decoding=\"async\" width=\"1400\" height=\"990\" src=\"https:\/\/sunlifehomes-mallorca.com\/wp-content\/uploads\/2024\/02\/Wanderungen-1400x990.jpg\" alt=\"\" class=\"wp-image-542\" style=\"aspect-ratio:3\/2;object-fit:cover\" srcset=\"https:\/\/sunlifehomes-mallorca.com\/wp-content\/uploads\/2024\/02\/Wanderungen-1400x990.jpg 1400w, https:\/\/sunlifehomes-mallorca.com\/wp-content\/uploads\/2024\/02\/Wanderungen-400x283.jpg 400w, https:\/\/sunlifehomes-mallorca.com\/wp-content\/uploads\/2024\/02\/Wanderungen-768x543.jpg 768w, https:\/\/sunlifehomes-mallorca.com\/wp-content\/uploads\/2024\/02\/Wanderungen-1536x1086.jpg 1536w, https:\/\/sunlifehomes-mallorca.com\/wp-content\/uploads\/2024\/02\/Wanderungen.jpg 2000w\" sizes=\"auto, (max-width: 1400px) 100vw, 1400px\" \/><\/a><figcaption class=\"wp-element-caption\">Excursiones inolvidables en Mallorca<\/figcaption><\/figure>\n\n\n\n<div style=\"height:50px\" aria-hidden=\"true\" class=\"wp-block-spacer\"><\/div>\n\n\n\n<figure class=\"wp-block-image aligncenter size-large is-style-rounded is-style-rounded--8\"><a href=\"#mandelbluete\"><img loading=\"lazy\" decoding=\"async\" width=\"792\" height=\"1400\" src=\"https:\/\/sunlifehomes-mallorca.com\/wp-content\/uploads\/2024\/02\/Mandelbluete-792x1400.jpg\" alt=\"\" class=\"wp-image-550\" style=\"aspect-ratio:1;object-fit:cover\" srcset=\"https:\/\/sunlifehomes-mallorca.com\/wp-content\/uploads\/2024\/02\/Mandelbluete-792x1400.jpg 792w, https:\/\/sunlifehomes-mallorca.com\/wp-content\/uploads\/2024\/02\/Mandelbluete-226x400.jpg 226w, https:\/\/sunlifehomes-mallorca.com\/wp-content\/uploads\/2024\/02\/Mandelbluete-768x1357.jpg 768w, https:\/\/sunlifehomes-mallorca.com\/wp-content\/uploads\/2024\/02\/Mandelbluete-869x1536.jpg 869w, https:\/\/sunlifehomes-mallorca.com\/wp-content\/uploads\/2024\/02\/Mandelbluete.jpg 1132w\" sizes=\"auto, (max-width: 792px) 100vw, 792px\" \/><\/a><figcaption class=\"wp-element-caption\">Flor de almendro y despertar de la primavera<\/figcaption><\/figure>\n\n\n\n<div style=\"height:50px\" aria-hidden=\"true\" class=\"wp-block-spacer\"><\/div>\n<\/div>\n\n\n\n<div class=\"wp-block-column is-layout-flow wp-container-core-column-is-layout-eb3492d6 wp-block-column-is-layout-flow\" style=\"padding-top:0px;padding-bottom:0px\">\n<div style=\"height:50px\" aria-hidden=\"true\" class=\"wp-block-spacer\"><\/div>\n\n\n\n<figure class=\"wp-block-image aligncenter size-full is-resized is-style-rounded is-style-rounded--9\"><a href=\"#haefen\"><img loading=\"lazy\" decoding=\"async\" width=\"864\" height=\"1152\" src=\"https:\/\/sunlifehomes-mallorca.com\/wp-content\/uploads\/2024\/02\/Hafen-Portals-Vells-3zu4.jpg\" alt=\"\" class=\"wp-image-669\" style=\"object-fit:cover;width:223px;height:auto\" srcset=\"https:\/\/sunlifehomes-mallorca.com\/wp-content\/uploads\/2024\/02\/Hafen-Portals-Vells-3zu4.jpg 864w, https:\/\/sunlifehomes-mallorca.com\/wp-content\/uploads\/2024\/02\/Hafen-Portals-Vells-3zu4-300x400.jpg 300w, https:\/\/sunlifehomes-mallorca.com\/wp-content\/uploads\/2024\/02\/Hafen-Portals-Vells-3zu4-768x1024.jpg 768w\" sizes=\"auto, (max-width: 864px) 100vw, 864px\" \/><\/a><figcaption class=\"wp-element-caption\">Los puertos y marinas m\u00e1s bonitos de Mallorca<\/figcaption><\/figure>\n\n\n\n<div style=\"height:50px\" aria-hidden=\"true\" class=\"wp-block-spacer\"><\/div>\n\n\n\n<figure class=\"wp-block-image aligncenter size-large is-style-rounded is-style-rounded--10\"><a href=\"#sehenswuerdigkeiten\"><img loading=\"lazy\" decoding=\"async\" width=\"1050\" height=\"1400\" src=\"https:\/\/sunlifehomes-mallorca.com\/wp-content\/uploads\/2024\/02\/pexels-wajeeha-jafri-12759627-1050x1400.jpg\" alt=\"\" class=\"wp-image-559\" style=\"aspect-ratio:3\/4;object-fit:cover\" srcset=\"https:\/\/sunlifehomes-mallorca.com\/wp-content\/uploads\/2024\/02\/pexels-wajeeha-jafri-12759627-1050x1400.jpg 1050w, https:\/\/sunlifehomes-mallorca.com\/wp-content\/uploads\/2024\/02\/pexels-wajeeha-jafri-12759627-300x400.jpg 300w, https:\/\/sunlifehomes-mallorca.com\/wp-content\/uploads\/2024\/02\/pexels-wajeeha-jafri-12759627-768x1024.jpg 768w, https:\/\/sunlifehomes-mallorca.com\/wp-content\/uploads\/2024\/02\/pexels-wajeeha-jafri-12759627-1152x1536.jpg 1152w, https:\/\/sunlifehomes-mallorca.com\/wp-content\/uploads\/2024\/02\/pexels-wajeeha-jafri-12759627-1536x2048.jpg 1536w, https:\/\/sunlifehomes-mallorca.com\/wp-content\/uploads\/2024\/02\/pexels-wajeeha-jafri-12759627.jpg 1920w\" sizes=\"auto, (max-width: 1050px) 100vw, 1050px\" \/><\/a><figcaption class=\"wp-element-caption\">Actividades diversas y lugares de inter\u00e9s que inspiran<\/figcaption><\/figure>\n<\/div>\n<\/div>\n<\/div>\n\n\n\n<div style=\"height:60px\" aria-hidden=\"true\" class=\"wp-block-spacer welle\"><\/div>\n\n\n\n<div id=\"golf\" class=\"wp-block-group is-layout-flow wp-block-group-is-layout-flow\">\n<div style=\"height:20px\" aria-hidden=\"true\" class=\"wp-block-spacer\"><\/div>\n\n\n\n<h2 class=\"wp-block-heading\" style=\"margin-bottom:0\">Mallorca, para\u00edso del golf<\/h2>\n\n\n\n<h5 class=\"wp-block-heading\" style=\"margin-top:0\">los mejores campos y exclusivos resorts de golf<\/h5>\n\n\n\n<div style=\"height:5px\" aria-hidden=\"true\" class=\"wp-block-spacer\"><\/div>\n\n\n\n<figure class=\"wp-block-image aligncenter size-large is-style-rounded is-style-rounded--11\"><img loading=\"lazy\" decoding=\"async\" width=\"1400\" height=\"701\" src=\"https:\/\/sunlifehomes-mallorca.com\/wp-content\/uploads\/2024\/02\/pexels-steve-momot-1409004-1400x701.jpg\" alt=\"\" class=\"wp-image-588\" srcset=\"https:\/\/sunlifehomes-mallorca.com\/wp-content\/uploads\/2024\/02\/pexels-steve-momot-1409004-1400x701.jpg 1400w, https:\/\/sunlifehomes-mallorca.com\/wp-content\/uploads\/2024\/02\/pexels-steve-momot-1409004-400x200.jpg 400w, https:\/\/sunlifehomes-mallorca.com\/wp-content\/uploads\/2024\/02\/pexels-steve-momot-1409004-768x384.jpg 768w, https:\/\/sunlifehomes-mallorca.com\/wp-content\/uploads\/2024\/02\/pexels-steve-momot-1409004-1536x769.jpg 1536w, https:\/\/sunlifehomes-mallorca.com\/wp-content\/uploads\/2024\/02\/pexels-steve-momot-1409004.jpg 2000w\" sizes=\"auto, (max-width: 1400px) 100vw, 1400px\" \/><\/figure>\n\n\n\n<div style=\"height:5px\" aria-hidden=\"true\" class=\"wp-block-spacer\"><\/div>\n\n\n\n<p>Mallorca es un aut\u00e9ntico para\u00edso del golf en medio de un escenario mediterr\u00e1neo. La combinaci\u00f3n de campos de golf de primera clase y exclusivos resorts de golf hace de Mallorca un destino de primera para los amantes del golf de todo el mundo. En Mallorca hay 23 campos de golf. Se est\u00e1n planificando m\u00e1s para poder ofrecer campos atractivos en el futuro.<\/p>\n<\/div>\n\n\n\n<div style=\"height:20px\" aria-hidden=\"true\" class=\"wp-block-spacer\"><\/div>\n\n\n\n<div class=\"wp-block-columns alignwide is-layout-flex wp-container-core-columns-is-layout-28f84493 wp-block-columns-is-layout-flex\">\n<div class=\"wp-block-column is-layout-flow wp-block-column-is-layout-flow\">\n<h3 class=\"wp-block-heading\">Los mejores campos de golf de Mallorca:<\/h3>\n\n\n\n<p><strong>Golf Son Gual<\/strong><br>Uno de los campos de golf m\u00e1s impresionantes de Mallorca es el Golf Son Gual.<\/p>\n\n\n\n<p><strong>Real Golf de Bendinat<\/strong><br>El Real Golf de Bendinat est\u00e1 situado entre pinares y el azul turqu\u00e9s del mar Mediterr\u00e1neo.<\/p>\n\n\n\n<p><strong>Golf Alcanada<\/strong><br>El campo de golf de Alcanada ofrece unas vistas espectaculares de la bah\u00eda de Alcudia y el faro de Alcanada.<\/p>\n\n\n\n<p><strong>Golf Son Vida<\/strong><br>El campo de golf m\u00e1s antiguo de Mallorca se encuentra en Son Vida y ofrece una maravillosa vista de Palma.<\/p>\n\n\n\n<p><strong>Golf de Andratx<\/strong><br>En el paisaje de colinas mediterr\u00e1neas que rodea el Golf de Andratx, es muy posible que se cruce con curiosas cabras mientras juega al golf, que contribuyen a crear un ambiente id\u00edlico.<\/p>\n<\/div>\n\n\n\n<div class=\"wp-block-column is-layout-flow wp-block-column-is-layout-flow\">\n<h3 class=\"wp-block-heading\">Exclusivos resorts de golf en Mallorca:<\/h3>\n\n\n\n<p><strong>Cap Vermell GRAND Hotel<\/strong><br>El complejo est\u00e1 situado en Canyamel y ofrece no s\u00f3lo un ambiente relajado, sino tambi\u00e9n la combinaci\u00f3n perfecta de lujo y experiencia de golf.<\/p>\n\n\n\n<p><strong>Sheraton Mallorca Arabella Golf Hotel<\/strong><br>Con vistas al campo de golf Son Vida, el hotel no s\u00f3lo ofrece una ubicaci\u00f3n ideal, sino tambi\u00e9n alojamiento y servicios con estilo.<\/p>\n\n\n\n<p><strong>Steigenberger Hotel &amp; Resort Camp de Mar<\/strong><br>El Hotel Steigenberger no s\u00f3lo es conocido por su lujoso confort, sino tambi\u00e9n por sus exclusivos paquetes de golf y su proximidad a campos de golf de primera clase.<\/p>\n<\/div>\n<\/div>\n\n\n\n<div style=\"height:60px\" aria-hidden=\"true\" class=\"wp-block-spacer\"><\/div>\n\n\n<div class=\"lazyblock-section-slider-Z186VVz wp-block-lazyblock-section-slider\" id=\"buchten\"><div class=\"slides\">\r\n<figure><img loading=\"lazy\" decoding=\"async\" width=\"2048\" height=\"1152\" src=\"https:\/\/sunlifehomes-mallorca.com\/wp-content\/uploads\/2024\/02\/Strand-Camp-de-Mar-1.jpg\" class=\"attachment-fullsize size-fullsize\" alt=\"\" srcset=\"https:\/\/sunlifehomes-mallorca.com\/wp-content\/uploads\/2024\/02\/Strand-Camp-de-Mar-1.jpg 2048w, https:\/\/sunlifehomes-mallorca.com\/wp-content\/uploads\/2024\/02\/Strand-Camp-de-Mar-1-400x225.jpg 400w, https:\/\/sunlifehomes-mallorca.com\/wp-content\/uploads\/2024\/02\/Strand-Camp-de-Mar-1-1400x788.jpg 1400w, https:\/\/sunlifehomes-mallorca.com\/wp-content\/uploads\/2024\/02\/Strand-Camp-de-Mar-1-768x432.jpg 768w, https:\/\/sunlifehomes-mallorca.com\/wp-content\/uploads\/2024\/02\/Strand-Camp-de-Mar-1-1536x864.jpg 1536w\" sizes=\"auto, (max-width: 2048px) 100vw, 2048px\" \/><div style='opacity:0.2'><\/div><p>Fant\u00e1sticas playas y calas<\/p><\/figure><\/div>\r\n<\/div>\n\n\n<div class=\"wp-block-group is-layout-flow wp-block-group-is-layout-flow\">\n<div style=\"height:10px\" aria-hidden=\"true\" class=\"wp-block-spacer\"><\/div>\n\n\n\n<p><strong>Camp de Mar<\/strong><br>Esta tranquila bah\u00eda cerca de Port D&#8217;Andratx no est\u00e1 masificada y ofrece un ambiente relajado. Un puente conduce al restaurante de la peque\u00f1a isla.<\/p>\n\n\n\n<p><strong>Portals Vells<\/strong><br>Portals Vells es una joya con tres bah\u00edas encantadoras, tambi\u00e9n conocida como la bah\u00eda de los 3 dedos &#8211; Cala del Mago, Cala Portal Nous y Es Foxos.<\/p>\n\n\n\n<p><strong>Cala Mesquida<\/strong><br>Cala Mesquida, en el este de Mallorca, es una playa natural de arena rodeada de un pintoresco paisaje de dunas. Ocasionalmente pueden verse aqu\u00ed curiosas cabras.<\/p>\n\n\n\n<p><strong>Cala de Moro<\/strong><br>Esta pintoresca cala se caracteriza por un hermoso camino a lo largo de la costa que conduce a una peque\u00f1a bah\u00eda rodeada de peque\u00f1as cuevas y aguas cristalinas. Cala s&#8217;Almunia se encuentra justo enfrente.<\/p>\n\n\n\n<p><strong>Sa Calobra<\/strong><br>La playa ofrece un tel\u00f3n de fondo \u00fanico para una experiencia de ba\u00f1o inolvidable. Incluso llegar hasta all\u00ed es toda una experiencia. Sa Calobra es una playa de arena enmarcada por dos imponentes acantilados.<\/p>\n\n\n\n<p><strong>Playa de Muro<\/strong><br>Playa de Muro se extiende a lo largo de unos seis kil\u00f3metros por la costa norte de Mallorca, entre los centros tur\u00edsticos de Puerto d&#8217;Alc\u00fadia y Can Picafort. La playa se caracteriza por sus aguas cristalinas.<\/p>\n\n\n\n<p><strong>Es Trenc<\/strong><br>La playa caribe\u00f1a de Es Trenc es la playa natural m\u00e1s larga de Mallorca. Es incluso una de las playas m\u00e1s bonitas de Europa.<\/p>\n\n\n\n<p><strong>Cala Mondrag\u00f3<\/strong><br>Cala Mondrag\u00f3 est\u00e1 situada en el sureste de Mallorca y forma parte del Parc<br>Natural de Mondrag\u00f3. Hay varias playas a poca distancia de esta id\u00edlica bah\u00eda, de las cuales S&#8217;Amarador es la m\u00e1s famosa. El pintoresco paisaje, la vegetaci\u00f3n mediterr\u00e1nea y el agua azul turquesa hacen de Cala Mondrag\u00f3 un destino popular.<\/p>\n\n\n\n<p><strong>Playa de Palma<\/strong><br>La Playa de Palma, la m\u00e1s famosa de Mallorca, se extiende a lo largo de unos cinco kil\u00f3metros y atrae a los visitantes con sus numerosos chiringuitos. Este popular tramo de playa tambi\u00e9n es conocido por sus actividades deportivas acu\u00e1ticas.<\/p>\n\n\n\n<div style=\"height:10px\" aria-hidden=\"true\" class=\"wp-block-spacer\"><\/div>\n\n\n\n<figure class=\"wp-block-image aligncenter size-large is-style-rounded is-style-rounded--12\"><img loading=\"lazy\" decoding=\"async\" width=\"1400\" height=\"788\" src=\"https:\/\/sunlifehomes-mallorca.com\/wp-content\/uploads\/2024\/02\/Sant-Elm-1400x788.jpg\" alt=\"\" class=\"wp-image-591\" style=\"aspect-ratio:16\/9;object-fit:cover\" srcset=\"https:\/\/sunlifehomes-mallorca.com\/wp-content\/uploads\/2024\/02\/Sant-Elm-1400x788.jpg 1400w, https:\/\/sunlifehomes-mallorca.com\/wp-content\/uploads\/2024\/02\/Sant-Elm-400x225.jpg 400w, https:\/\/sunlifehomes-mallorca.com\/wp-content\/uploads\/2024\/02\/Sant-Elm-768x432.jpg 768w, https:\/\/sunlifehomes-mallorca.com\/wp-content\/uploads\/2024\/02\/Sant-Elm-1536x864.jpg 1536w, https:\/\/sunlifehomes-mallorca.com\/wp-content\/uploads\/2024\/02\/Sant-Elm.jpg 2048w\" sizes=\"auto, (max-width: 1400px) 100vw, 1400px\" \/><\/figure>\n\n\n\n<p><strong>Playa de Sant Elm<\/strong><br>Sant Elm es un peque\u00f1o pueblo situado en el extremo m\u00e1s occidental de Mallorca, la peque\u00f1a y hermosa playa ofrece una maravillosa vista de la isla de Sa Dragonera. Su ubicaci\u00f3n \u00fanica confiere al pueblo un encanto especial, enclavado en un impresionante entorno natural.<\/p>\n\n\n\n<div style=\"height:20px\" aria-hidden=\"true\" class=\"wp-block-spacer\"><\/div>\n<\/div>\n\n\n\n<div style=\"height:60px\" aria-hidden=\"true\" class=\"wp-block-spacer welle\"><\/div>\n\n\n\n<div id=\"gastronomie\" class=\"wp-block-group is-layout-flow wp-block-group-is-layout-flow\">\n<div style=\"height:20px\" aria-hidden=\"true\" class=\"wp-block-spacer\"><\/div>\n\n\n\n<h2 class=\"wp-block-heading\" style=\"margin-bottom:0\">Descubrimientos culinarios en mallorca<\/h2>\n\n\n\n<h5 class=\"wp-block-heading\" style=\"margin-top:0\">un viaje por la diversidad de la gastronom\u00eda mallorquina<\/h5>\n\n\n\n<p>Mallorca, la mayor isla balear del Mediterr\u00e1neo, no s\u00f3lo atrae a los visitantes con sus hermosas playas y maravillosos paisajes, sino tambi\u00e9n con una fascinante variedad de delicias culinarias. La gastronom\u00eda mallorquina se caracteriza por ingredientes frescos y regionales, recetas tradicionales y una diversidad cultural que se refleja en los platos.<\/p>\n\n\n\n<p><strong>La base mediterr\u00e1nea: aceite de oliva, pescado y marisco<\/strong><br>La base de la cocina mallorquina es el aceite de oliva de alta calidad, que se utiliza en muchos platos. La isla est\u00e1 rodeada por el Mediterr\u00e1neo, lo que naturalmente influye en el men\u00fa. El pescado fresco y el marisco son muy populares.<\/p>\n\n\n\n<p><strong>Tapas diferentes: el mundo del \u00abPa amb oli\u00bb<\/strong><br>Un imprescindible en Mallorca es el \u00abPa amb oli\u00bb, un plato sencillo pero sabroso. Consiste en pan tostado que se frota con tomates maduros y ajo fresco. A continuaci\u00f3n, se roc\u00eda con aceite de oliva de alta calidad y se cubre con embutidos o quesos regionales.<\/p>\n\n\n\n<p><strong>La variedad de la ensaimada<\/strong><br>Si le gustan los dulces, no deje de probar la ensaimada, una pasta de levadura en forma de espiral espolvoreada con az\u00facar glas. Esta delicia presenta numerosas variedades, desde la tradicional con manteca de cerdo hasta interpretaciones modernas con relleno de chocolate o nata.<\/p>\n\n\n\n<div style=\"height:10px\" aria-hidden=\"true\" class=\"wp-block-spacer\"><\/div>\n\n\n\n<figure class=\"wp-block-image size-large is-style-rounded is-style-rounded--13\"><img loading=\"lazy\" decoding=\"async\" width=\"1400\" height=\"933\" src=\"https:\/\/sunlifehomes-mallorca.com\/wp-content\/uploads\/2024\/02\/pexels-andrea-piacquadio-821054-1400x933.jpg\" alt=\"\" class=\"wp-image-603\" style=\"aspect-ratio:16\/9;object-fit:cover\" srcset=\"https:\/\/sunlifehomes-mallorca.com\/wp-content\/uploads\/2024\/02\/pexels-andrea-piacquadio-821054-1400x933.jpg 1400w, https:\/\/sunlifehomes-mallorca.com\/wp-content\/uploads\/2024\/02\/pexels-andrea-piacquadio-821054-400x267.jpg 400w, https:\/\/sunlifehomes-mallorca.com\/wp-content\/uploads\/2024\/02\/pexels-andrea-piacquadio-821054-768x512.jpg 768w, https:\/\/sunlifehomes-mallorca.com\/wp-content\/uploads\/2024\/02\/pexels-andrea-piacquadio-821054-1536x1024.jpg 1536w, https:\/\/sunlifehomes-mallorca.com\/wp-content\/uploads\/2024\/02\/pexels-andrea-piacquadio-821054-2048x1365.jpg 2048w\" sizes=\"auto, (max-width: 1400px) 100vw, 1400px\" \/><\/figure>\n\n\n\n<p><strong>Vino del sol: los vi\u00f1edos de Mallorca<\/strong><br>La isla de Mallorca tambi\u00e9n se ha hecho un nombre en la producci\u00f3n de vino. Los viticultores apuestan por variedades de uva aut\u00f3ctonas como el Mantonegro y el Prensal Blanc, que desarrollan sus sabores \u00fanicos bajo el intenso sol mediterr\u00e1neo. Nuestro favorito: \u00a1Nounat!<\/p>\n\n\n\n<div style=\"height:20px\" aria-hidden=\"true\" class=\"wp-block-spacer\"><\/div>\n\n\n\n<div style=\"height:60px\" aria-hidden=\"true\" class=\"wp-block-spacer welle\"><\/div>\n<\/div>\n\n\n\n<div id=\"inselleben\" class=\"wp-block-group is-layout-flow wp-block-group-is-layout-flow\">\n<div style=\"height:20px\" aria-hidden=\"true\" class=\"wp-block-spacer\"><\/div>\n\n\n\n<h2 class=\"wp-block-heading\" style=\"margin-bottom:0\">Vida de lujo en la isla<\/h2>\n\n\n\n<h5 class=\"wp-block-heading\" style=\"margin-top:0\">Hoteles exclusivos, clubes de playa y estilo de vida en Mallorca<\/h5>\n\n\n\n<div style=\"height:10px\" aria-hidden=\"true\" class=\"wp-block-spacer\"><\/div>\n<\/div>\n\n\n\n<div class=\"wp-block-columns alignwide is-layout-flex wp-container-core-columns-is-layout-28f84493 wp-block-columns-is-layout-flex\">\n<div class=\"wp-block-column is-layout-flow wp-block-column-is-layout-flow\" style=\"flex-basis:10%\"><\/div>\n\n\n\n<div class=\"wp-block-column is-layout-flow wp-block-column-is-layout-flow\" style=\"flex-basis:80%\">\n<figure class=\"wp-block-image aligncenter size-large is-style-rounded is-style-rounded--14\"><img decoding=\"async\" src=\"https:\/\/sunlifehomes-mallorca.com\/wp-content\/uploads\/2024\/02\/Hafen-Club-de-Mar-1-1024x576.jpg\" alt=\"\" class=\"wp-image-638\"\/><\/figure>\n<\/div>\n\n\n\n<div class=\"wp-block-column is-layout-flow wp-block-column-is-layout-flow\" style=\"flex-basis:10%\"><\/div>\n<\/div>\n\n\n\n<div style=\"height:10px\" aria-hidden=\"true\" class=\"wp-block-spacer\"><\/div>\n\n\n\n<p>La isla espa\u00f1ola se ha convertido en los \u00faltimos a\u00f1os en un aut\u00e9ntico destino de vacaciones de lujo. Mallorca sigue haciendo todo lo que est\u00e1 en su mano para impulsar este desarrollo, por ejemplo, con la remodelaci\u00f3n del Paseo Mar\u00edtimo de Palma.<\/p>\n\n\n\n<div style=\"height:20px\" aria-hidden=\"true\" class=\"wp-block-spacer\"><\/div>\n\n\n\n<div class=\"wp-block-columns alignwide is-layout-flex wp-container-core-columns-is-layout-28f84493 wp-block-columns-is-layout-flex\">\n<div class=\"wp-block-column is-layout-flow wp-block-column-is-layout-flow\">\n<h3 class=\"wp-block-heading\">Hoteles de ensue\u00f1o en Mallorca<\/h3>\n\n\n\n<p><strong>Cap Rocat, Cala Blava<\/strong><br>En el centro de una antigua fortaleza, Cap Rocat ofrece una mezcla \u00fanica de historia y lujo. Las exclusivas suites con terrazas y piscinas propias ofrecen unas vistas al mar inigualables.<\/p>\n\n\n\n<p><strong>Belmond La Residencia, Dei\u00e0<\/strong><br>Belmond La Residencia es un oasis de paz y lujo. Con impresionantes vistas a la Sierra de Tramuntana, este hotel de cinco estrellas ofrece suites exclusivas, un servicio de primera clase y una cocina excepcional.<\/p>\n\n\n\n<p><strong>Castillo Hotel Son Vida, Palma<\/strong><br>El Castillo Hotel Son Vida no s\u00f3lo impresiona por su arquitectura hist\u00f3rica, sino tambi\u00e9n por su campo de golf y sus exquisitas instalaciones de spa. Aqu\u00ed podr\u00e1 vivir Mallorca en un ambiente real.<\/p>\n\n\n\n<p><strong>St. Regis Mardavall Mallorca Resort, Costa d&#8217;en Blanes<\/strong><br>Con vistas al mar, el St. Regis Mardavall Mallorca Resort ofrece suites y villas exclusivas, el propio puerto deportivo del hotel y una zona de spa de primera clase.<\/p>\n\n\n\n<p><strong>Jumeirah Port Soller Hotel &amp; Spa, Puerto de S\u00f3ller<\/strong><br>El Jumeirah Port Soller Hotel &amp; Spa combina el lujo moderno con el encanto tradicional. Su ubicaci\u00f3n en la ladera de una colina ofrece unas vistas espectaculares, mientras que la piscina in\ufb01nity y los restaurantes gourmet proporcionan experiencias inolvidables.<\/p>\n\n\n\n<p><strong>El Gran Meli\u00e1 de Mar<\/strong><br>Est\u00e1 reservado exclusivamente para adultos y se encuentra en primera l\u00ednea de playa en Illetas, Espa\u00f1a. El hotel personifica el lujo con una elegancia atemporal y ofrece un exclusivo oasis de relajaci\u00f3n con impresionantes vistas al mar y un servicio de primera clase.<\/p>\n<\/div>\n\n\n\n<div class=\"wp-block-column is-layout-flow wp-block-column-is-layout-flow\">\n<h3 class=\"wp-block-heading\">Clubes de playa<\/h3>\n\n\n\n<p><strong>Nikki Beach Mallorca, Magaluf<\/strong><br>Nikki Beach, conocido en todo el mundo por sus exclusivos locales, tambi\u00e9n ofrece una experiencia de primera clase justo en la playa de Magaluf, Mallorca.<\/p>\n\n\n\n<p><strong>Gran Folies Puerto Andratx<\/strong><br>El Gran Folies Beach Club de Port D&#8217;andratx se caracteriza por su ambiente exclusivo y una impresionante vista del mar y los yates atracados. Con un servicio de primera clase y un ambiente elegante rodeado de propiedades de lujo, bien merece una visita.<\/p>\n\n\n\n<p><strong>UM Beach House Portals<\/strong><br>El UM Beach House de Portals impresiona por su moderno dise\u00f1o, su m\u00fasica de moda y su relajado ambiente playero.<\/p>\n\n\n\n<p><strong>Mhares Sea Club<\/strong><br>El Mhares Sea Club, enclavado en el paisaje costero mallorqu\u00edn, tambi\u00e9n ofrece acceso exclusivo al mar. Este club de playa en Mallorca impresiona por su ambiente mediterr\u00e1neo y una amplia gama de ofertas para relajarse y disfrutar.<\/p>\n\n\n\n<p><strong>Anima Beach Club, Palma<\/strong><br>El Anima Beach Club est\u00e1 situado frente al mar, en la misma playa de Palma, y ofrece una combinaci\u00f3n perfecta de ambiente relajado y buena comida.<\/p>\n<\/div>\n<\/div>\n\n\n\n<div class=\"wp-block-group is-layout-flow wp-block-group-is-layout-flow\">\n<div style=\"height:20px\" aria-hidden=\"true\" class=\"wp-block-spacer\"><\/div>\n\n\n\n<h3 class=\"wp-block-heading\">Un estilo de vida inigualable<\/h3>\n\n\n\n<p>Mallorca no s\u00f3lo ofrece alojamiento de primera clase y exclusivos clubes de playa, sino tambi\u00e9n un lujoso estilo de vida. La isla combina el estilo mediterr\u00e1neo con la elegancia, que se refleja no s\u00f3lo en la arquitectura, sino tambi\u00e9n en la escena art\u00edstica, la gastronom\u00eda y los numerosos eventos.<\/p>\n\n\n\n<p>Ya sea paseando por las hist\u00f3ricas calles de Palma, comprando en las exclusivas boutiques o cenando en uno de los mejores restaurantes, el estilo de vida mallorqu\u00edn se caracteriza por la indulgencia, el estilo y la elegancia desenfadada.<\/p>\n<\/div>\n\n\n\n<div style=\"height:40px\" aria-hidden=\"true\" class=\"wp-block-spacer\"><\/div>\n\n\n<div class=\"lazyblock-section-slider-Z2fIlRf wp-block-lazyblock-section-slider\" id=\"tradition\"><div class=\"slides\">\r\n<figure><img loading=\"lazy\" decoding=\"async\" width=\"4032\" height=\"3025\" src=\"https:\/\/sunlifehomes-mallorca.com\/wp-content\/uploads\/2024\/02\/caleb-stokes-hz4YhG39q2s-unsplash-scaled.jpg\" class=\"attachment-fullsize size-fullsize\" alt=\"\" \/><div style='opacity:0.4'><\/div><p>Mercados, tradiciones y fiestas<\/p><\/figure><\/div>\r\n<\/div>\n\n\n<div style=\"height:20px\" aria-hidden=\"true\" class=\"wp-block-spacer\"><\/div>\n\n\n\n<div class=\"wp-block-columns alignwide is-layout-flex wp-container-core-columns-is-layout-28f84493 wp-block-columns-is-layout-flex\">\n<div class=\"wp-block-column is-layout-flow wp-block-column-is-layout-flow\">\n<h3 class=\"wp-block-heading\">Mercados llenos de variedad<\/h3>\n\n\n\n<p>Mallorca ofrece una gran variedad de mercados. Desde los tradicionales mercados semanales con fruta fresca, verduras y delicias locales hasta animados mercadillos con artesan\u00eda y tesoros \u00fanicos. Mallorca revela su diversidad cultural en los mercados, que tienen lugar diariamente en diferentes lugares.<\/p>\n\n\n\n<h6 class=\"wp-block-heading\">NUESTROS FAVORITOS:<\/h6>\n\n\n\n<p><strong>Santany\u00ed<\/strong><br>Uno de nuestros favoritos es el mercado de Santany\u00ed, que abre sus puertas dos veces por semana: los mi\u00e9rcoles y los s\u00e1bados. Podr\u00e1 pasear por las pintorescas callejuelas que rodean el gran mercado.<\/p>\n\n\n\n<p><strong>Alcudia<\/strong><br>El mercado tradicional del casco antiguo de Alcudia, en el norte, tiene lugar todos los martes y domingos y se extiende entre las murallas del casco antiguo.<\/p>\n\n\n\n<p><strong>Santa Mar\u00eda<\/strong><br>El mercado dominical de Santa Mar\u00eda es una fiesta para los entendidos. En \u00e9l, los gourmets sacan el m\u00e1ximo partido a su dinero cuando las delicias locales y los productos culinarios m\u00e1s destacados adornan los puestos.<\/p>\n\n\n\n<p><strong>Palma<\/strong><br>En los meses de verano, de mayo a octubre, el Passeig de Se Sagrera de Palma se transforma en un oasis de mercado de jueves a domingo. All\u00ed podr\u00e1 pasear entre altas palmeras y acercarse a la catedral. Tambi\u00e9n hay un mercado cubierto, el Mercat d&#8217;Olivar de Palma, que abre casi todos los d\u00edas. El animado ambiente recuerda al del famoso mercado de Barcelona.<\/p>\n<\/div>\n\n\n\n<div class=\"wp-block-column is-layout-flow wp-block-column-is-layout-flow\">\n<h3 class=\"wp-block-heading\">Mercadillos navide\u00f1os en Mallorca: una experiencia m\u00e1gica<\/h3>\n\n\n\n<p>Mallorca tambi\u00e9n muestra su lado festivo en Navidad. Numerosos mercadillos navide\u00f1os con iluminaci\u00f3n ambiental y decoraci\u00f3n festiva esperan a los visitantes por toda la isla.<\/p>\n\n\n\n<h3 class=\"wp-block-heading\">Fiestas locales en Mallorca<\/h3>\n\n\n\n<p>Mallorca es conocida por sus fiestas y las impresionantes cabalgatas que llenan de fiesta toda la isla.<br>En toda Espa\u00f1a, los Reyes Magos son recibidos el 6 de enero antes de repartir regalos.<br>Uno de los momentos culminantes de este d\u00eda es la impresionante cabalgata que llega al puerto de Palma. No hay que perderse este colorido evento con numerosas actuaciones.<br>Sant Antoni se celebra el 16 de enero. En todos los pueblos de Mallorca se pueden vivirse impresionantes espect\u00e1culos de fuego en las calles. Otras fiestas de hogueras tienen lugar los d\u00edas 19 y 20 de enero.<br>El carnaval de febrero dura casi un mes entero y se celebra en toda Mallorca. Cada ciudad y pueblo tiene su propio carnaval, que se caracteriza por colores brillantes, arte callejero, desfiles y numerosas actividades para los ni\u00f1os. Destaca el carnaval de Palma, que suele celebrarse el segundo fin de semana de febrero en la avenida de Jaume.<br>En marzo, durante la Semana Santa, numerosas procesiones recorren Palma y otras ciudades de la isla. Estas procesiones festivas son una experiencia impresionante y muestran el profundo apego cultural de los habitantes a sus tradiciones.<br>Sant Joan se celebra el 24 de junio. La noche del 23, la gente acude a las playas para encender hogueras, hacer barbacoas y ba\u00f1arse en el mar a medianoche. Esta noche festiva de ambiente \u00fanico es uno de los momentos culminantes del verano en Mallorca.<\/p>\n<\/div>\n<\/div>\n\n\n\n<div style=\"height:80px\" aria-hidden=\"true\" class=\"wp-block-spacer welle\"><\/div>\n\n\n\n<div id=\"gebirge\" class=\"wp-block-group is-layout-flow wp-block-group-is-layout-flow\">\n<div style=\"height:20px\" aria-hidden=\"true\" class=\"wp-block-spacer\"><\/div>\n\n\n\n<h2 class=\"wp-block-heading\" style=\"margin-bottom:0\">Sierra de tramuntana<\/h2>\n\n\n\n<h5 class=\"wp-block-heading\" style=\"margin-top:0\">patrimonio de la humanidad y para\u00edso natural<\/h5>\n\n\n\n<div style=\"height:10px\" aria-hidden=\"true\" class=\"wp-block-spacer\"><\/div>\n<\/div>\n\n\n\n<div class=\"wp-block-columns alignwide is-layout-flex wp-container-core-columns-is-layout-28f84493 wp-block-columns-is-layout-flex\">\n<div class=\"wp-block-column is-layout-flow wp-block-column-is-layout-flow\" style=\"flex-basis:10%\"><\/div>\n\n\n\n<div class=\"wp-block-column is-layout-flow wp-block-column-is-layout-flow\" style=\"flex-basis:80%\">\n<figure class=\"wp-block-image aligncenter size-large is-style-rounded is-style-rounded--15\"><img loading=\"lazy\" decoding=\"async\" width=\"1400\" height=\"990\" src=\"https:\/\/sunlifehomes-mallorca.com\/wp-content\/uploads\/2024\/02\/Tramuntanagebirge-1400x990.jpg\" alt=\"\" class=\"wp-image-540\" style=\"aspect-ratio:16\/9;object-fit:cover\" srcset=\"https:\/\/sunlifehomes-mallorca.com\/wp-content\/uploads\/2024\/02\/Tramuntanagebirge-1400x990.jpg 1400w, https:\/\/sunlifehomes-mallorca.com\/wp-content\/uploads\/2024\/02\/Tramuntanagebirge-400x283.jpg 400w, https:\/\/sunlifehomes-mallorca.com\/wp-content\/uploads\/2024\/02\/Tramuntanagebirge-768x543.jpg 768w, https:\/\/sunlifehomes-mallorca.com\/wp-content\/uploads\/2024\/02\/Tramuntanagebirge-1536x1086.jpg 1536w, https:\/\/sunlifehomes-mallorca.com\/wp-content\/uploads\/2024\/02\/Tramuntanagebirge.jpg 2000w\" sizes=\"auto, (max-width: 1400px) 100vw, 1400px\" \/><\/figure>\n<\/div>\n\n\n\n<div class=\"wp-block-column is-layout-flow wp-block-column-is-layout-flow\" style=\"flex-basis:10%\"><\/div>\n<\/div>\n\n\n\n<div class=\"wp-block-group is-layout-flow wp-block-group-is-layout-flow\">\n<div style=\"height:10px\" aria-hidden=\"true\" class=\"wp-block-spacer\"><\/div>\n\n\n\n<p>La Serra de Tramuntana fue incluida en la Lista del Patrimonio Mundial en 2011. La sierra se extiende a lo largo de 90 kil\u00f3metros en el noroeste de Mallorca. Con 1.445 metros, el Puig Major es la monta\u00f1a m\u00e1s alta de la Serra de Tramuntana. En sus laderas hay dos embalses de color azul turquesa que se extienden a los pies de la imponente monta\u00f1a. A las cabras tambi\u00e9n les gusta trepar por sus rocas. La regi\u00f3n alberga unas 300 especies vegetales diferentes.<br>La Serra de Tramuntana ofrece espectaculares vistas del Mediterr\u00e1neo, pintorescos pueblos y f\u00e9rtiles valles. Senderistas y ciclistas pueden explorar la belleza de esta regi\u00f3n por numerosos senderos, especialmente populares entre los ciclistas. Puede encontrar m\u00e1s informaci\u00f3n sobre las rutas de senderismo aqu\u00ed: (ENLACE).<\/p>\n\n\n\n<p><strong>Sugerencia de excursi\u00f3n<\/strong><br>Un viaje en el \u00abRayo Rojo\u00bb por la Serra de Tramuntana desde Palma a S\u00f3ller y vuelta es muy recomendable. El hist\u00f3rico ferrocarril lleva en funcionamiento m\u00e1s de cien a\u00f1os y ofrece no s\u00f3lo una experiencia especial, sino tambi\u00e9n la oportunidad de admirar el impresionante paisaje. El tren atraviesa t\u00faneles, puentes y plantaciones de c\u00edtricos hasta llegar a S\u00f3ller.<\/p>\n\n\n\n<p><strong>Pueblos de monta\u00f1a<\/strong><br>Los id\u00edlicos pueblos de monta\u00f1a de la Serra de Tramuntana como Valldemossa, Dei\u00e0 y Port de S\u00f3ller con sus calas de ba\u00f1o como Cala Deia desprenden un encanto muy especial que la diferencia del resto de la isla. Muchos artistas y estrellas se han instalado en estos pueblos.<\/p>\n<\/div>\n\n\n\n<div style=\"height:80px\" aria-hidden=\"true\" class=\"wp-block-spacer welle\"><\/div>\n\n\n\n<div id=\"wanderungen\" class=\"wp-block-group is-layout-flow wp-block-group-is-layout-flow\">\n<div style=\"height:20px\" aria-hidden=\"true\" class=\"wp-block-spacer\"><\/div>\n\n\n\n<h2 class=\"wp-block-heading\" style=\"margin-bottom:0\">Excursiones inolvidables en Mallorca<\/h2>\n\n\n\n<div style=\"height:10px\" aria-hidden=\"true\" class=\"wp-block-spacer\"><\/div>\n<\/div>\n\n\n\n<div class=\"wp-block-columns alignwide are-vertically-aligned-center is-layout-flex wp-container-core-columns-is-layout-28f84493 wp-block-columns-is-layout-flex\">\n<div class=\"wp-block-column is-vertically-aligned-center is-layout-flow wp-block-column-is-layout-flow\">\n<figure class=\"wp-block-image size-large is-style-rounded is-style-rounded--16\"><img loading=\"lazy\" decoding=\"async\" width=\"1120\" height=\"1400\" src=\"https:\/\/sunlifehomes-mallorca.com\/wp-content\/uploads\/2024\/02\/pexels-bert-christiaens-6282693-1120x1400.jpg\" alt=\"\" class=\"wp-image-629\" style=\"aspect-ratio:1;object-fit:cover\" srcset=\"https:\/\/sunlifehomes-mallorca.com\/wp-content\/uploads\/2024\/02\/pexels-bert-christiaens-6282693-1120x1400.jpg 1120w, https:\/\/sunlifehomes-mallorca.com\/wp-content\/uploads\/2024\/02\/pexels-bert-christiaens-6282693-320x400.jpg 320w, https:\/\/sunlifehomes-mallorca.com\/wp-content\/uploads\/2024\/02\/pexels-bert-christiaens-6282693-768x960.jpg 768w, https:\/\/sunlifehomes-mallorca.com\/wp-content\/uploads\/2024\/02\/pexels-bert-christiaens-6282693-1229x1536.jpg 1229w, https:\/\/sunlifehomes-mallorca.com\/wp-content\/uploads\/2024\/02\/pexels-bert-christiaens-6282693-1638x2048.jpg 1638w\" sizes=\"auto, (max-width: 1120px) 100vw, 1120px\" \/><\/figure>\n<\/div>\n\n\n\n<div class=\"wp-block-column is-vertically-aligned-center is-layout-flow wp-block-column-is-layout-flow\">\n<figure class=\"wp-block-image size-large is-style-rounded is-style-rounded--17\"><img loading=\"lazy\" decoding=\"async\" width=\"768\" height=\"1024\" src=\"https:\/\/sunlifehomes-mallorca.com\/wp-content\/uploads\/2024\/02\/pexels-thomas-19414567-768x1024.jpg\" alt=\"\" class=\"wp-image-630\" style=\"aspect-ratio:1;object-fit:cover\" srcset=\"https:\/\/sunlifehomes-mallorca.com\/wp-content\/uploads\/2024\/02\/pexels-thomas-19414567-768x1024.jpg 768w, https:\/\/sunlifehomes-mallorca.com\/wp-content\/uploads\/2024\/02\/pexels-thomas-19414567-300x400.jpg 300w, https:\/\/sunlifehomes-mallorca.com\/wp-content\/uploads\/2024\/02\/pexels-thomas-19414567-1050x1400.jpg 1050w, https:\/\/sunlifehomes-mallorca.com\/wp-content\/uploads\/2024\/02\/pexels-thomas-19414567-1152x1536.jpg 1152w, https:\/\/sunlifehomes-mallorca.com\/wp-content\/uploads\/2024\/02\/pexels-thomas-19414567-1536x2048.jpg 1536w\" sizes=\"auto, (max-width: 768px) 100vw, 768px\" \/><\/figure>\n<\/div>\n\n\n\n<div class=\"wp-block-column is-vertically-aligned-center is-layout-flow wp-block-column-is-layout-flow\">\n<figure class=\"wp-block-image size-large is-style-rounded is-style-rounded--18\"><img decoding=\"async\" src=\"https:\/\/sunlifehomes-mallorca.com\/wp-content\/uploads\/2024\/02\/pexels-alexander-peters-6733231-1024x1024.jpg\" alt=\"\" class=\"wp-image-631\" style=\"aspect-ratio:1;object-fit:cover\"\/><\/figure>\n<\/div>\n<\/div>\n\n\n\n<div class=\"wp-block-group is-layout-flow wp-block-group-is-layout-flow\">\n<div style=\"height:10px\" aria-hidden=\"true\" class=\"wp-block-spacer\"><\/div>\n\n\n\n<p>Mallorca es un para\u00edso para los amantes del senderismo que quieran explorar la variada naturaleza de la isla. Adem\u00e1s de hermosos senderos costeros y refrescantes calas, tambi\u00e9n hay espectaculares excursiones de monta\u00f1a por impresionantes paisajes monta\u00f1osos. Aqu\u00ed podr\u00e1 disfrutar de inolvidables experiencias en la naturaleza y experimentar de cerca la belleza de las monta\u00f1as.<\/p>\n\n\n\n<p><strong>Suroeste:<br>Sant Elm y La Trapa<\/strong><br>Una excursi\u00f3n desde Sant Elm hasta el antiguo monasterio de La Trapa atraviesa bosques mediterr\u00e1neos y ofrece espectaculares vistas de la costa.<\/p>\n\n\n\n<p><strong>Oeste:<\/strong><br>La ruta de senderismo de Dei\u00e0 a S\u00f3ller, en el oeste de la isla de Mallorca, atraviesa la pintoresca sierra de Tramuntana y ofrece impresionantes panor\u00e1micas y frondosos campos de c\u00edtricos. La ruta es conocida por su encantadora belleza y permite a los excursionistas disfrutar al m\u00e1ximo de la naturaleza mallorquina.<br>Igualmente, impresionante es la ruta de senderismo desde el Mirador de ses Barques hasta Sa Calobra, que discurre a lo largo del dram\u00e1tico paisaje costero y la mar azul turquesa. La pintoresca ruta atraviesa impresionantes barrancos y escarpados acantilados, permitiendo a los excursionistas disfrutar al m\u00e1ximo de la belleza de la naturaleza mallorquina.<\/p>\n\n\n\n<p><strong>Norte<br>Alcudia, Coll Baix<\/strong><br>La regi\u00f3n que rodea Alcudia, en el norte de Mallorca, se caracteriza por su diversidad. La excursi\u00f3n a la playa de Coll Baix atraviesa paisajes id\u00edlicos y termina en una playa solitaria que promete paz y recogimiento.<\/p>\n\n\n\n<p><strong>Este:<br>Arta, Parque Natural de Llevant<\/strong><br>Arta, al este de la isla, es el punto de partida ideal para descubrir el Parque Natural de Llevant. La excursi\u00f3n discurre entre naturaleza virgen, imponentes acantilados e impresionantes vistas del Mediterr\u00e1neo.<\/p>\n\n\n\n<p><strong>Sur:<br>De Can Pastilla a Palma<\/strong><br>La ruta de senderismo de Can Pastilla a Palma se encuentra directamente junto al mar, donde hay numerosos restaurantes y diversas posibilidades de ba\u00f1o. Tambi\u00e9n hay un carril bici justo al lado del mar, que ofrece la oportunidad de explorar la pintoresca costa en bicicleta y disfrutar de la brisa marina.<\/p>\n\n\n\n<div style=\"height:60px\" aria-hidden=\"true\" class=\"wp-block-spacer\"><\/div>\n<\/div>\n\n\n<div class=\"lazyblock-section-slider-Z2werft wp-block-lazyblock-section-slider\" id=\"mandelbluete\"><div class=\"slides\">\r\n<figure><img loading=\"lazy\" decoding=\"async\" width=\"2400\" height=\"1600\" src=\"https:\/\/sunlifehomes-mallorca.com\/wp-content\/uploads\/2024\/02\/kitti-incedi-72OcMSboccQ-unsplash.jpg\" class=\"attachment-fullsize size-fullsize\" alt=\"\" srcset=\"https:\/\/sunlifehomes-mallorca.com\/wp-content\/uploads\/2024\/02\/kitti-incedi-72OcMSboccQ-unsplash.jpg 2400w, https:\/\/sunlifehomes-mallorca.com\/wp-content\/uploads\/2024\/02\/kitti-incedi-72OcMSboccQ-unsplash-400x267.jpg 400w, https:\/\/sunlifehomes-mallorca.com\/wp-content\/uploads\/2024\/02\/kitti-incedi-72OcMSboccQ-unsplash-1400x933.jpg 1400w, https:\/\/sunlifehomes-mallorca.com\/wp-content\/uploads\/2024\/02\/kitti-incedi-72OcMSboccQ-unsplash-768x512.jpg 768w, https:\/\/sunlifehomes-mallorca.com\/wp-content\/uploads\/2024\/02\/kitti-incedi-72OcMSboccQ-unsplash-1536x1024.jpg 1536w, https:\/\/sunlifehomes-mallorca.com\/wp-content\/uploads\/2024\/02\/kitti-incedi-72OcMSboccQ-unsplash-2048x1365.jpg 2048w\" sizes=\"auto, (max-width: 2400px) 100vw, 2400px\" \/><div style='opacity:0.4'><\/div><p>Flor de almendro y despertar de la primavera<\/p><\/figure><\/div>\r\n<\/div>\n\n\n<div style=\"height:20px\" aria-hidden=\"true\" class=\"wp-block-spacer\"><\/div>\n\n\n\n<p>Desde finales de enero, m\u00e1s de siete millones de almendros cobran vida en la isla. Con su clima mediterr\u00e1neo, Mallorca ofrece el caldo de cultivo ideal para los almendros. La flor del almendro se celebra con gran entusiasmo en Mallorca y el Fir\u00f3 de la Flor d&#8217;Ametler en Son Servera es la fiesta por excelencia en honor a este esplendor natural. El festival est\u00e1 dedicado a la flor del almendro y atrae a lugare\u00f1os y turistas por igual. M\u00fasica tradicional, bailes, delicias locales y exposiciones de arte y artesan\u00eda caracterizan el colorido bullicio de esta fiesta.<\/p>\n\n\n\n<div style=\"height:21px\" aria-hidden=\"true\" class=\"wp-block-spacer\"><\/div>\n\n\n\n<div style=\"height:80px\" aria-hidden=\"true\" class=\"wp-block-spacer welle\"><\/div>\n\n\n\n<div id=\"haefen\" class=\"wp-block-group is-layout-flow wp-block-group-is-layout-flow\">\n<div style=\"height:20px\" aria-hidden=\"true\" class=\"wp-block-spacer\"><\/div>\n\n\n\n<h2 class=\"wp-block-heading\" style=\"margin-bottom:0\">Los puertos y marinas m\u00e1s bonitos de Mallorca<\/h2>\n\n\n\n<div style=\"height:10px\" aria-hidden=\"true\" class=\"wp-block-spacer\"><\/div>\n<\/div>\n\n\n\n<div class=\"wp-block-columns alignwide is-layout-flex wp-container-core-columns-is-layout-28f84493 wp-block-columns-is-layout-flex\">\n<div class=\"wp-block-column is-layout-flow wp-block-column-is-layout-flow\" style=\"flex-basis:10%\"><\/div>\n\n\n\n<div class=\"wp-block-column is-layout-flow wp-block-column-is-layout-flow\" style=\"flex-basis:80%\">\n<figure class=\"wp-block-image aligncenter size-large is-style-rounded is-style-rounded--19\"><img loading=\"lazy\" decoding=\"async\" width=\"1400\" height=\"788\" src=\"https:\/\/sunlifehomes-mallorca.com\/wp-content\/uploads\/2024\/02\/Hafen-Portals-Vells-1400x788.jpg\" alt=\"\" class=\"wp-image-555\" style=\"aspect-ratio:16\/9;object-fit:cover\" srcset=\"https:\/\/sunlifehomes-mallorca.com\/wp-content\/uploads\/2024\/02\/Hafen-Portals-Vells-1400x788.jpg 1400w, https:\/\/sunlifehomes-mallorca.com\/wp-content\/uploads\/2024\/02\/Hafen-Portals-Vells-400x225.jpg 400w, https:\/\/sunlifehomes-mallorca.com\/wp-content\/uploads\/2024\/02\/Hafen-Portals-Vells-768x432.jpg 768w, https:\/\/sunlifehomes-mallorca.com\/wp-content\/uploads\/2024\/02\/Hafen-Portals-Vells-1536x864.jpg 1536w, https:\/\/sunlifehomes-mallorca.com\/wp-content\/uploads\/2024\/02\/Hafen-Portals-Vells.jpg 2048w\" sizes=\"auto, (max-width: 1400px) 100vw, 1400px\" \/><\/figure>\n<\/div>\n\n\n\n<div class=\"wp-block-column is-layout-flow wp-block-column-is-layout-flow\" style=\"flex-basis:10%\"><\/div>\n<\/div>\n\n\n\n<div class=\"wp-block-group has-global-padding is-layout-constrained wp-block-group-is-layout-constrained\">\n<div style=\"height:10px\" aria-hidden=\"true\" class=\"wp-block-spacer\"><\/div>\n\n\n\n<p><strong>Puerto Portals<\/strong><br>Puerto Portals, en la costa suroeste de Mallorca, es sin\u00f3nimo de elegancia y lujo. Aqu\u00ed, los visitantes pasean por el paseo mar\u00edtimo, rodeados de exclusivas boutiques y restaurantes de primera clase. El impresionante tel\u00f3n de fondo de yates de lujo y aguas cristalinas confiere a este puerto un ambiente incomparable.<\/p>\n\n\n\n<div style=\"height:5px\" aria-hidden=\"true\" class=\"wp-block-spacer\"><\/div>\n\n\n\n<figure class=\"wp-block-image aligncenter size-large is-style-rounded is-style-rounded--20\"><img loading=\"lazy\" decoding=\"async\" width=\"1400\" height=\"788\" src=\"https:\/\/sunlifehomes-mallorca.com\/wp-content\/uploads\/2024\/02\/Hafen-Port-Andratx-1400x788.jpg\" alt=\"\" class=\"wp-image-645\" style=\"aspect-ratio:16\/9;object-fit:cover\" srcset=\"https:\/\/sunlifehomes-mallorca.com\/wp-content\/uploads\/2024\/02\/Hafen-Port-Andratx-1400x788.jpg 1400w, https:\/\/sunlifehomes-mallorca.com\/wp-content\/uploads\/2024\/02\/Hafen-Port-Andratx-400x225.jpg 400w, https:\/\/sunlifehomes-mallorca.com\/wp-content\/uploads\/2024\/02\/Hafen-Port-Andratx-768x432.jpg 768w, https:\/\/sunlifehomes-mallorca.com\/wp-content\/uploads\/2024\/02\/Hafen-Port-Andratx-1536x864.jpg 1536w, https:\/\/sunlifehomes-mallorca.com\/wp-content\/uploads\/2024\/02\/Hafen-Port-Andratx.jpg 2048w\" sizes=\"auto, (max-width: 1400px) 100vw, 1400px\" \/><\/figure>\n\n\n\n<p><strong>Puerto Andratx<\/strong><br>Puerto Andratx combina armoniosamente tradici\u00f3n y modernidad. La encantadora ciudad portuaria impresiona con un imponente tel\u00f3n de fondo monta\u00f1oso y yates y barcos pesqueros en primer plano. El paseo mar\u00edtimo est\u00e1 repleto de acogedores caf\u00e9s y exclusivos restaurantes con vistas a lujosas propiedades.<\/p>\n\n\n\n<p><strong>Santa Ponsa<\/strong><br>El puerto de Santa Ponsa es una popular escala para los amantes de los barcos y los visitantes que quieren disfrutar del ambiente mar\u00edtimo de la isla. Ofrece un entorno id\u00edlico y una maravillosa vista de la mar azul turquesa. Aqu\u00ed encontrar\u00e1 modernas instalaciones, una gran variedad de restaurantes, cafeter\u00edas y bares, as\u00ed como deportes acu\u00e1ticos como vela, submarinismo y pesca. El paseo a lo largo del puerto invita a pasear y ofrece un ambiente relajado. El puerto de Santa Ponsa es un lugar animado, visitado por lugare\u00f1os y turistas por igual, que ofrece una gran variedad de actividades y un ambiente relajado.<br>El puerto de Santa Ponsa ofrece una gran variedad de actividades y un ambiente relajado.<\/p>\n\n\n\n<p><strong>Port Adriano<\/strong><br>Port Adriano, dise\u00f1ado por el arquitecto estrella Philippe Starck, es una obra maestra de la arquitectura mar\u00edtima. El puerto, en la costa suroeste, no es s\u00f3lo una escala para yates de lujo, sino tambi\u00e9n un centro de dise\u00f1o e innovaci\u00f3n. Con boutiques exclusivas, bares de moda y restaurantes de lujo, Port Adriano ofrece un ambiente lujoso.<\/p>\n\n\n\n<p><strong>Club de Mar Palma<\/strong><br>El Club de Mar de Palma de Mallorca es un puerto deportivo de renombre conocido por sus instalaciones de primera clase y su excelente servicio. Con una ubicaci\u00f3n privilegiada cerca del centro de Palma, el puerto deportivo ofrece un acceso ideal a las atracciones culturales de la ciudad. Los aficionados a la vela y los amantes de los barcos aprecian el Club de Mar por sus amarres de alta calidad y su amplia oferta de actividades de ocio. El puerto es tambi\u00e9n una popular escala para celebridades y yates de lujo.<\/p>\n\n\n\n<p><strong>Porto Cristo<\/strong><br>El puerto de Porto Cristo est\u00e1 situado en la costa este. Tambi\u00e9n alberga las famosas cuevas del drag\u00f3n, que son un popular destino tur\u00edstico. Con sus bonitos caf\u00e9s y restaurantes con vistas al puerto, Porto Cristo ofrece un ambiente agradable para pasear y relajarse.<\/p>\n\n\n\n<div style=\"height:21px\" aria-hidden=\"true\" class=\"wp-block-spacer\"><\/div>\n\n\n\n<div style=\"height:80px\" aria-hidden=\"true\" class=\"wp-block-spacer welle\"><\/div>\n<\/div>\n\n\n\n<div id=\"sehenswuerdigkeiten\" class=\"wp-block-group is-layout-flow wp-block-group-is-layout-flow\">\n<div style=\"height:20px\" aria-hidden=\"true\" class=\"wp-block-spacer\"><\/div>\n\n\n\n<h2 class=\"wp-block-heading\" style=\"margin-bottom:0\">Actividades diversas y lugares de inter\u00e9s que inspiran<\/h2>\n\n\n\n<h5 class=\"wp-block-heading\">Mallorca ofrece una gran variedad de lugares de inter\u00e9s y actividades para todos los gustos.<\/h5>\n\n\n\n<div style=\"height:10px\" aria-hidden=\"true\" class=\"wp-block-spacer\"><\/div>\n<\/div>\n\n\n\n<div class=\"wp-block-columns alignwide is-layout-flex wp-container-core-columns-is-layout-a85f4655 wp-block-columns-is-layout-flex\">\n<div class=\"wp-block-column is-layout-flow wp-block-column-is-layout-flow\">\n<figure class=\"wp-block-image size-large is-style-rounded is-style-rounded--21\"><img loading=\"lazy\" decoding=\"async\" width=\"1400\" height=\"990\" src=\"https:\/\/sunlifehomes-mallorca.com\/wp-content\/uploads\/2024\/02\/Kathedrale_Palma-1400x990.jpg\" alt=\"\" class=\"wp-image-672\" style=\"aspect-ratio:3\/2;object-fit:cover\" srcset=\"https:\/\/sunlifehomes-mallorca.com\/wp-content\/uploads\/2024\/02\/Kathedrale_Palma-1400x990.jpg 1400w, https:\/\/sunlifehomes-mallorca.com\/wp-content\/uploads\/2024\/02\/Kathedrale_Palma-400x283.jpg 400w, https:\/\/sunlifehomes-mallorca.com\/wp-content\/uploads\/2024\/02\/Kathedrale_Palma-768x543.jpg 768w, https:\/\/sunlifehomes-mallorca.com\/wp-content\/uploads\/2024\/02\/Kathedrale_Palma-1536x1086.jpg 1536w, https:\/\/sunlifehomes-mallorca.com\/wp-content\/uploads\/2024\/02\/Kathedrale_Palma.jpg 2000w\" sizes=\"auto, (max-width: 1400px) 100vw, 1400px\" \/><\/figure>\n\n\n\n<p><strong>La catedral de palma<\/strong><br>La Catedral de la Seu de Palma de Mallorca es uno de los monumentos m\u00e1s importantes de la isla. Con su imponente arquitectura g\u00f3tica y su ubicaci\u00f3n junto al mar, la catedral fascina a visitantes de todo el mundo.<\/p>\n\n\n\n<div style=\"height:30px\" aria-hidden=\"true\" class=\"wp-block-spacer\"><\/div>\n\n\n\n<figure class=\"wp-block-image size-large is-style-rounded is-style-rounded--22\"><img loading=\"lazy\" decoding=\"async\" width=\"933\" height=\"1400\" src=\"https:\/\/sunlifehomes-mallorca.com\/wp-content\/uploads\/2024\/02\/david-vives-g4IhzgPtSBY-unsplash-933x1400.jpg\" alt=\"\" class=\"wp-image-679\" style=\"aspect-ratio:3\/2;object-fit:cover\" srcset=\"https:\/\/sunlifehomes-mallorca.com\/wp-content\/uploads\/2024\/02\/david-vives-g4IhzgPtSBY-unsplash-933x1400.jpg 933w, https:\/\/sunlifehomes-mallorca.com\/wp-content\/uploads\/2024\/02\/david-vives-g4IhzgPtSBY-unsplash-267x400.jpg 267w, https:\/\/sunlifehomes-mallorca.com\/wp-content\/uploads\/2024\/02\/david-vives-g4IhzgPtSBY-unsplash-768x1152.jpg 768w, https:\/\/sunlifehomes-mallorca.com\/wp-content\/uploads\/2024\/02\/david-vives-g4IhzgPtSBY-unsplash-1024x1536.jpg 1024w, https:\/\/sunlifehomes-mallorca.com\/wp-content\/uploads\/2024\/02\/david-vives-g4IhzgPtSBY-unsplash-1365x2048.jpg 1365w, https:\/\/sunlifehomes-mallorca.com\/wp-content\/uploads\/2024\/02\/david-vives-g4IhzgPtSBY-unsplash-scaled.jpg 1707w\" sizes=\"auto, (max-width: 933px) 100vw, 933px\" \/><\/figure>\n\n\n\n<p><strong>Castillo de Bellver<\/strong><br>Este impresionante castillo est\u00e1 situado en una colina y ofrece no s\u00f3lo unas impresionantes vistas de la bah\u00eda de Palma, sino tambi\u00e9n un fascinante viaje por la historia de la isla. El Castell de Bellver es un castillo circular y est\u00e1 considerado uno de los ejemplos m\u00e1s singulares de arquitectura militar g\u00f3tica de Europa. Los visitantes tienen la oportunidad de pasear por su interior, muy bien conservado, y aprender m\u00e1s sobre la azarosa historia del castillo.<\/p>\n<\/div>\n\n\n\n<div class=\"wp-block-column is-layout-flow wp-block-column-is-layout-flow\">\n<div style=\"height:30px\" aria-hidden=\"true\" class=\"wp-block-spacer\"><\/div>\n\n\n\n<figure class=\"wp-block-image size-large is-style-rounded is-style-rounded--23\"><img loading=\"lazy\" decoding=\"async\" width=\"1400\" height=\"933\" src=\"https:\/\/sunlifehomes-mallorca.com\/wp-content\/uploads\/2024\/02\/pexels-artem-zhukov-14924486-1400x933.jpg\" alt=\"\" class=\"wp-image-674\" style=\"aspect-ratio:3\/2;object-fit:cover\" srcset=\"https:\/\/sunlifehomes-mallorca.com\/wp-content\/uploads\/2024\/02\/pexels-artem-zhukov-14924486-1400x933.jpg 1400w, https:\/\/sunlifehomes-mallorca.com\/wp-content\/uploads\/2024\/02\/pexels-artem-zhukov-14924486-400x267.jpg 400w, https:\/\/sunlifehomes-mallorca.com\/wp-content\/uploads\/2024\/02\/pexels-artem-zhukov-14924486-768x512.jpg 768w, https:\/\/sunlifehomes-mallorca.com\/wp-content\/uploads\/2024\/02\/pexels-artem-zhukov-14924486-1536x1024.jpg 1536w, https:\/\/sunlifehomes-mallorca.com\/wp-content\/uploads\/2024\/02\/pexels-artem-zhukov-14924486-2048x1365.jpg 2048w\" sizes=\"auto, (max-width: 1400px) 100vw, 1400px\" \/><\/figure>\n\n\n\n<p><strong>Cuevas<\/strong><br>Mallorca no s\u00f3lo es impresionante en la superficie, sino tambi\u00e9n bajo tierra. Las Coves del Drac (Cuevas del Drag\u00f3n) y las Coves d&#8217;Arta son dos fascinantes sistemas de cuevas con formaciones \u00fanicas y lagos subterr\u00e1neos. Los visitantes pueden participar en visitas guiadas para descubrir la impresionante belleza de estas cuevas.<\/p>\n\n\n\n<div style=\"height:30px\" aria-hidden=\"true\" class=\"wp-block-spacer\"><\/div>\n\n\n\n<figure class=\"wp-block-image size-large is-style-rounded is-style-rounded--24\"><img loading=\"lazy\" decoding=\"async\" width=\"1400\" height=\"933\" src=\"https:\/\/sunlifehomes-mallorca.com\/wp-content\/uploads\/2024\/02\/david-vives-ePjO1BaW8BY-unsplash-1400x933.jpg\" alt=\"\" class=\"wp-image-678\" style=\"aspect-ratio:3\/2;object-fit:cover\" srcset=\"https:\/\/sunlifehomes-mallorca.com\/wp-content\/uploads\/2024\/02\/david-vives-ePjO1BaW8BY-unsplash-1400x933.jpg 1400w, https:\/\/sunlifehomes-mallorca.com\/wp-content\/uploads\/2024\/02\/david-vives-ePjO1BaW8BY-unsplash-400x267.jpg 400w, https:\/\/sunlifehomes-mallorca.com\/wp-content\/uploads\/2024\/02\/david-vives-ePjO1BaW8BY-unsplash-768x512.jpg 768w, https:\/\/sunlifehomes-mallorca.com\/wp-content\/uploads\/2024\/02\/david-vives-ePjO1BaW8BY-unsplash-1536x1024.jpg 1536w, https:\/\/sunlifehomes-mallorca.com\/wp-content\/uploads\/2024\/02\/david-vives-ePjO1BaW8BY-unsplash-2048x1365.jpg 2048w\" sizes=\"auto, (max-width: 1400px) 100vw, 1400px\" \/><\/figure>\n\n\n\n<p><strong>Molinos de viento<\/strong><br>Cualquiera que haya estado en Mallorca confirmar\u00e1 que los molinos de viento forman parte del encanto de la isla. Especialmente en lugares como Montu\u00efri y Campos se pueden descubrir estos tesoros hist\u00f3ricos. Los molinos de viento son testigos vivos de la tradici\u00f3n agr\u00edcola de la isla y proporcionan un tel\u00f3n de fondo id\u00edlico perfecto para explorar y hacer fotos.<\/p>\n\n\n\n<div style=\"height:30px\" aria-hidden=\"true\" class=\"wp-block-spacer\"><\/div>\n<\/div>\n\n\n\n<div class=\"wp-block-column is-layout-flow wp-block-column-is-layout-flow\">\n<figure class=\"wp-block-image size-large is-style-rounded is-style-rounded--25\"><img loading=\"lazy\" decoding=\"async\" width=\"1400\" height=\"990\" src=\"https:\/\/sunlifehomes-mallorca.com\/wp-content\/uploads\/2024\/02\/Rote-Blitz-1400x990.jpg\" alt=\"\" class=\"wp-image-675\" style=\"aspect-ratio:3\/2;object-fit:cover\" srcset=\"https:\/\/sunlifehomes-mallorca.com\/wp-content\/uploads\/2024\/02\/Rote-Blitz-1400x990.jpg 1400w, https:\/\/sunlifehomes-mallorca.com\/wp-content\/uploads\/2024\/02\/Rote-Blitz-400x283.jpg 400w, https:\/\/sunlifehomes-mallorca.com\/wp-content\/uploads\/2024\/02\/Rote-Blitz-768x543.jpg 768w, https:\/\/sunlifehomes-mallorca.com\/wp-content\/uploads\/2024\/02\/Rote-Blitz-1536x1086.jpg 1536w, https:\/\/sunlifehomes-mallorca.com\/wp-content\/uploads\/2024\/02\/Rote-Blitz.jpg 2000w\" sizes=\"auto, (max-width: 1400px) 100vw, 1400px\" \/><\/figure>\n\n\n\n<p><strong>El Rayo Rojo<\/strong><br>El \u00abRayo Rojo\u00bb (Tren de S\u00f3ller) de Mallorca es una l\u00ednea ferroviaria hist\u00f3rica que va de Palma de Mallorca a S\u00f3ller. El nombre \u00abRel\u00e1mpago Rojo\u00bb hace referencia al caracter\u00edstico color rojo de los trenes. La l\u00ednea es conocida por su pintoresca belleza y atraviesa impresionantes paisajes con t\u00faneles, puentes y olivares. El viaje en el \u00abRayo Rojo\u00bb es una popular atracci\u00f3n tur\u00edstica y ofrece a los pasajeros la oportunidad de explorar la isla de Mallorca de una forma \u00fanica y relajada.<\/p>\n\n\n\n<div style=\"height:30px\" aria-hidden=\"true\" class=\"wp-block-spacer\"><\/div>\n\n\n\n<figure class=\"wp-block-image size-large is-style-rounded is-style-rounded--26\"><img loading=\"lazy\" decoding=\"async\" width=\"1400\" height=\"933\" src=\"https:\/\/sunlifehomes-mallorca.com\/wp-content\/uploads\/2024\/02\/allgo-an-app-for-plus-size-people-FJHauGTPtPo-unsplash-1400x933.jpg\" alt=\"\" class=\"wp-image-677\" style=\"aspect-ratio:3\/2;object-fit:cover\" srcset=\"https:\/\/sunlifehomes-mallorca.com\/wp-content\/uploads\/2024\/02\/allgo-an-app-for-plus-size-people-FJHauGTPtPo-unsplash-1400x933.jpg 1400w, https:\/\/sunlifehomes-mallorca.com\/wp-content\/uploads\/2024\/02\/allgo-an-app-for-plus-size-people-FJHauGTPtPo-unsplash-400x267.jpg 400w, https:\/\/sunlifehomes-mallorca.com\/wp-content\/uploads\/2024\/02\/allgo-an-app-for-plus-size-people-FJHauGTPtPo-unsplash-768x512.jpg 768w, https:\/\/sunlifehomes-mallorca.com\/wp-content\/uploads\/2024\/02\/allgo-an-app-for-plus-size-people-FJHauGTPtPo-unsplash-1536x1024.jpg 1536w, https:\/\/sunlifehomes-mallorca.com\/wp-content\/uploads\/2024\/02\/allgo-an-app-for-plus-size-people-FJHauGTPtPo-unsplash-2048x1365.jpg 2048w\" sizes=\"auto, (max-width: 1400px) 100vw, 1400px\" \/><\/figure>\n\n\n\n<p><strong>Parques acu\u00e1ticos: diversi\u00f3n para toda la familia<\/strong><br>Mallorca tambi\u00e9n ofrece mucha diversi\u00f3n para las familias, especialmente en los numerosos parques acu\u00e1ticos. Aqualand El Arenal y el Western Water Park Magaluf son destinos populares con toboganes, piscinas y atracciones acu\u00e1ticas.<\/p>\n<\/div>\n<\/div>\n","protected":false},"excerpt":{"rendered":"<p>Lifestyle #Lujosamente inolvidable Mallorca, para\u00edso del golf los mejores campos y exclusivos resorts de golf Mallorca es un aut\u00e9ntico para\u00edso del golf en medio de un escenario mediterr\u00e1neo. La combinaci\u00f3n de campos de golf de primera clase y exclusivos resorts de golf hace de Mallorca un destino de primera para los amantes del golf de [&hellip;]<\/p>\n","protected":false},"author":1,"featured_media":694,"parent":0,"menu_order":0,"comment_status":"closed","ping_status":"closed","template":"","meta":{"footnotes":""},"class_list":["post-879","page","type-page","status-publish","has-post-thumbnail","hentry"],"yoast_head":"<!-- This site is optimized with the Yoast SEO plugin v23.9 - https:\/\/yoast.com\/wordpress\/plugins\/seo\/ -->\n<title>Lifestyle - Sunlife Homes Mallorca<\/title>\n<meta name=\"robots\" content=\"index, follow, max-snippet:-1, max-image-preview:large, max-video-preview:-1\" \/>\n<link rel=\"canonical\" href=\"https:\/\/sunlifehomes-mallorca.com\/lifestyle\/\" \/>\n<meta property=\"og:locale\" content=\"es_ES\" \/>\n<meta property=\"og:type\" content=\"article\" \/>\n<meta property=\"og:title\" content=\"Lifestyle - Sunlife Homes Mallorca\" \/>\n<meta property=\"og:description\" content=\"Lifestyle #Lujosamente inolvidable Mallorca, para\u00edso del golf los mejores campos y exclusivos resorts de golf Mallorca es un aut\u00e9ntico para\u00edso del golf en medio de un escenario mediterr\u00e1neo. La combinaci\u00f3n de campos de golf de primera clase y exclusivos resorts de golf hace de Mallorca un destino de primera para los amantes del golf de [&hellip;]\" \/>\n<meta property=\"og:url\" content=\"https:\/\/sunlifehomes-mallorca.com\/lifestyle\/\" \/>\n<meta property=\"og:site_name\" content=\"Sunlife Homes Mallorca\" \/>\n<meta property=\"article:modified_time\" content=\"2024-02-14T18:43:16+00:00\" \/>\n<meta property=\"og:image\" content=\"https:\/\/sunlifehomes-mallorca.com\/wp-content\/uploads\/2023\/12\/DJI_20231107040217_0017_D.jpg\" \/>\n\t<meta property=\"og:image:width\" content=\"2048\" \/>\n\t<meta property=\"og:image:height\" content=\"1152\" \/>\n\t<meta property=\"og:image:type\" content=\"image\/jpeg\" \/>\n<meta name=\"twitter:card\" content=\"summary_large_image\" \/>\n<meta name=\"twitter:label1\" content=\"Tiempo de lectura\" \/>\n\t<meta name=\"twitter:data1\" content=\"19 minutos\" \/>\n<script type=\"application\/ld+json\" class=\"yoast-schema-graph\">{\"@context\":\"https:\/\/schema.org\",\"@graph\":[{\"@type\":\"WebPage\",\"@id\":\"https:\/\/sunlifehomes-mallorca.com\/lifestyle\/\",\"url\":\"https:\/\/sunlifehomes-mallorca.com\/lifestyle\/\",\"name\":\"Lifestyle - Sunlife Homes Mallorca\",\"isPartOf\":{\"@id\":\"https:\/\/sunlifehomes-mallorca.com\/es\/#website\"},\"primaryImageOfPage\":{\"@id\":\"https:\/\/sunlifehomes-mallorca.com\/lifestyle\/#primaryimage\"},\"image\":{\"@id\":\"https:\/\/sunlifehomes-mallorca.com\/lifestyle\/#primaryimage\"},\"thumbnailUrl\":\"https:\/\/sunlifehomes-mallorca.com\/wp-content\/uploads\/2023\/12\/DJI_20231107040217_0017_D.jpg\",\"datePublished\":\"2024-02-05T09:25:11+00:00\",\"dateModified\":\"2024-02-14T18:43:16+00:00\",\"breadcrumb\":{\"@id\":\"https:\/\/sunlifehomes-mallorca.com\/lifestyle\/#breadcrumb\"},\"inLanguage\":\"es\",\"potentialAction\":[{\"@type\":\"ReadAction\",\"target\":[\"https:\/\/sunlifehomes-mallorca.com\/lifestyle\/\"]}]},{\"@type\":\"ImageObject\",\"inLanguage\":\"es\",\"@id\":\"https:\/\/sunlifehomes-mallorca.com\/lifestyle\/#primaryimage\",\"url\":\"https:\/\/sunlifehomes-mallorca.com\/wp-content\/uploads\/2023\/12\/DJI_20231107040217_0017_D.jpg\",\"contentUrl\":\"https:\/\/sunlifehomes-mallorca.com\/wp-content\/uploads\/2023\/12\/DJI_20231107040217_0017_D.jpg\",\"width\":2048,\"height\":1152,\"caption\":\"default\"},{\"@type\":\"BreadcrumbList\",\"@id\":\"https:\/\/sunlifehomes-mallorca.com\/lifestyle\/#breadcrumb\",\"itemListElement\":[{\"@type\":\"ListItem\",\"position\":1,\"name\":\"Startseite\",\"item\":\"https:\/\/sunlifehomes-mallorca.com\/es\/\"},{\"@type\":\"ListItem\",\"position\":2,\"name\":\"Lifestyle\"}]},{\"@type\":\"WebSite\",\"@id\":\"https:\/\/sunlifehomes-mallorca.com\/es\/#website\",\"url\":\"https:\/\/sunlifehomes-mallorca.com\/es\/\",\"name\":\"Sunlife Homes Mallorca\",\"description\":\"Real Estate\",\"publisher\":{\"@id\":\"https:\/\/sunlifehomes-mallorca.com\/es\/#organization\"},\"potentialAction\":[{\"@type\":\"SearchAction\",\"target\":{\"@type\":\"EntryPoint\",\"urlTemplate\":\"https:\/\/sunlifehomes-mallorca.com\/es\/?s={search_term_string}\"},\"query-input\":{\"@type\":\"PropertyValueSpecification\",\"valueRequired\":true,\"valueName\":\"search_term_string\"}}],\"inLanguage\":\"es\"},{\"@type\":\"Organization\",\"@id\":\"https:\/\/sunlifehomes-mallorca.com\/es\/#organization\",\"name\":\"Sunlife Homes Mallorca\",\"url\":\"https:\/\/sunlifehomes-mallorca.com\/es\/\",\"logo\":{\"@type\":\"ImageObject\",\"inLanguage\":\"es\",\"@id\":\"https:\/\/sunlifehomes-mallorca.com\/es\/#\/schema\/logo\/image\/\",\"url\":\"https:\/\/sunlifehomes-mallorca.com\/wp-content\/uploads\/2024\/01\/sunlifehomes_mallorcaV6-animiert.svg\",\"contentUrl\":\"https:\/\/sunlifehomes-mallorca.com\/wp-content\/uploads\/2024\/01\/sunlifehomes_mallorcaV6-animiert.svg\",\"width\":265,\"height\":62,\"caption\":\"Sunlife Homes Mallorca\"},\"image\":{\"@id\":\"https:\/\/sunlifehomes-mallorca.com\/es\/#\/schema\/logo\/image\/\"}}]}<\/script>\n<!-- \/ Yoast SEO plugin. -->","yoast_head_json":{"title":"Lifestyle - Sunlife Homes Mallorca","robots":{"index":"index","follow":"follow","max-snippet":"max-snippet:-1","max-image-preview":"max-image-preview:large","max-video-preview":"max-video-preview:-1"},"canonical":"https:\/\/sunlifehomes-mallorca.com\/lifestyle\/","og_locale":"es_ES","og_type":"article","og_title":"Lifestyle - Sunlife Homes Mallorca","og_description":"Lifestyle #Lujosamente inolvidable Mallorca, para\u00edso del golf los mejores campos y exclusivos resorts de golf Mallorca es un aut\u00e9ntico para\u00edso del golf en medio de un escenario mediterr\u00e1neo. La combinaci\u00f3n de campos de golf de primera clase y exclusivos resorts de golf hace de Mallorca un destino de primera para los amantes del golf de [&hellip;]","og_url":"https:\/\/sunlifehomes-mallorca.com\/lifestyle\/","og_site_name":"Sunlife Homes Mallorca","article_modified_time":"2024-02-14T18:43:16+00:00","og_image":[{"width":2048,"height":1152,"url":"https:\/\/sunlifehomes-mallorca.com\/wp-content\/uploads\/2023\/12\/DJI_20231107040217_0017_D.jpg","type":"image\/jpeg"}],"twitter_card":"summary_large_image","twitter_misc":{"Tiempo de lectura":"19 minutos"},"schema":{"@context":"https:\/\/schema.org","@graph":[{"@type":"WebPage","@id":"https:\/\/sunlifehomes-mallorca.com\/lifestyle\/","url":"https:\/\/sunlifehomes-mallorca.com\/lifestyle\/","name":"Lifestyle - Sunlife Homes Mallorca","isPartOf":{"@id":"https:\/\/sunlifehomes-mallorca.com\/es\/#website"},"primaryImageOfPage":{"@id":"https:\/\/sunlifehomes-mallorca.com\/lifestyle\/#primaryimage"},"image":{"@id":"https:\/\/sunlifehomes-mallorca.com\/lifestyle\/#primaryimage"},"thumbnailUrl":"https:\/\/sunlifehomes-mallorca.com\/wp-content\/uploads\/2023\/12\/DJI_20231107040217_0017_D.jpg","datePublished":"2024-02-05T09:25:11+00:00","dateModified":"2024-02-14T18:43:16+00:00","breadcrumb":{"@id":"https:\/\/sunlifehomes-mallorca.com\/lifestyle\/#breadcrumb"},"inLanguage":"es","potentialAction":[{"@type":"ReadAction","target":["https:\/\/sunlifehomes-mallorca.com\/lifestyle\/"]}]},{"@type":"ImageObject","inLanguage":"es","@id":"https:\/\/sunlifehomes-mallorca.com\/lifestyle\/#primaryimage","url":"https:\/\/sunlifehomes-mallorca.com\/wp-content\/uploads\/2023\/12\/DJI_20231107040217_0017_D.jpg","contentUrl":"https:\/\/sunlifehomes-mallorca.com\/wp-content\/uploads\/2023\/12\/DJI_20231107040217_0017_D.jpg","width":2048,"height":1152,"caption":"default"},{"@type":"BreadcrumbList","@id":"https:\/\/sunlifehomes-mallorca.com\/lifestyle\/#breadcrumb","itemListElement":[{"@type":"ListItem","position":1,"name":"Startseite","item":"https:\/\/sunlifehomes-mallorca.com\/es\/"},{"@type":"ListItem","position":2,"name":"Lifestyle"}]},{"@type":"WebSite","@id":"https:\/\/sunlifehomes-mallorca.com\/es\/#website","url":"https:\/\/sunlifehomes-mallorca.com\/es\/","name":"Sunlife Homes Mallorca","description":"Real Estate","publisher":{"@id":"https:\/\/sunlifehomes-mallorca.com\/es\/#organization"},"potentialAction":[{"@type":"SearchAction","target":{"@type":"EntryPoint","urlTemplate":"https:\/\/sunlifehomes-mallorca.com\/es\/?s={search_term_string}"},"query-input":{"@type":"PropertyValueSpecification","valueRequired":true,"valueName":"search_term_string"}}],"inLanguage":"es"},{"@type":"Organization","@id":"https:\/\/sunlifehomes-mallorca.com\/es\/#organization","name":"Sunlife Homes Mallorca","url":"https:\/\/sunlifehomes-mallorca.com\/es\/","logo":{"@type":"ImageObject","inLanguage":"es","@id":"https:\/\/sunlifehomes-mallorca.com\/es\/#\/schema\/logo\/image\/","url":"https:\/\/sunlifehomes-mallorca.com\/wp-content\/uploads\/2024\/01\/sunlifehomes_mallorcaV6-animiert.svg","contentUrl":"https:\/\/sunlifehomes-mallorca.com\/wp-content\/uploads\/2024\/01\/sunlifehomes_mallorcaV6-animiert.svg","width":265,"height":62,"caption":"Sunlife Homes Mallorca"},"image":{"@id":"https:\/\/sunlifehomes-mallorca.com\/es\/#\/schema\/logo\/image\/"}}]}},"_links":{"self":[{"href":"https:\/\/sunlifehomes-mallorca.com\/es\/wp-json\/wp\/v2\/pages\/879","targetHints":{"allow":["GET"]}}],"collection":[{"href":"https:\/\/sunlifehomes-mallorca.com\/es\/wp-json\/wp\/v2\/pages"}],"about":[{"href":"https:\/\/sunlifehomes-mallorca.com\/es\/wp-json\/wp\/v2\/types\/page"}],"author":[{"embeddable":true,"href":"https:\/\/sunlifehomes-mallorca.com\/es\/wp-json\/wp\/v2\/users\/1"}],"replies":[{"embeddable":true,"href":"https:\/\/sunlifehomes-mallorca.com\/es\/wp-json\/wp\/v2\/comments?post=879"}],"version-history":[{"count":6,"href":"https:\/\/sunlifehomes-mallorca.com\/es\/wp-json\/wp\/v2\/pages\/879\/revisions"}],"predecessor-version":[{"id":889,"href":"https:\/\/sunlifehomes-mallorca.com\/es\/wp-json\/wp\/v2\/pages\/879\/revisions\/889"}],"wp:featuredmedia":[{"embeddable":true,"href":"https:\/\/sunlifehomes-mallorca.com\/es\/wp-json\/wp\/v2\/media\/694"}],"wp:attachment":[{"href":"https:\/\/sunlifehomes-mallorca.com\/es\/wp-json\/wp\/v2\/media?parent=879"}],"curies":[{"name":"wp","href":"https:\/\/api.w.org\/{rel}","templated":true}]}}